{"id":37,"date":"2019-08-17T10:54:28","date_gmt":"2019-08-17T08:54:28","guid":{"rendered":"https:\/\/parafiadobieszewo.pl\/?page_id=37"},"modified":"2024-07-03T20:49:33","modified_gmt":"2024-07-03T18:49:33","slug":"historia","status":"publish","type":"page","link":"https:\/\/parafiadobieszewo.pl\/index.php\/historia\/","title":{"rendered":"Historia"},"content":{"rendered":"\n<h2 class=\"wp-block-heading\">Rys historyczny<\/h2>\n\n\n<p>Dobieszewo &#8211; wie\u015b so\u0142ecka po\u0142o\u017cona w wojew\u00f3dztwie pomorskim, powiecie s\u0142upskim w gminie D\u0119bnica Kaszubska, licz\u0105ca obecnie oko\u0142o 150 mieszka\u0144c\u00f3w. Wzmiankowana w \u017ar\u00f3d\u0142ach historycznych ju\u017c w 1294 roku. W tym czasie dobra nale\u017ca\u0142y do dobieszewskiej ga\u0142\u0119zi rodu von Zitzewitz. Od 1635 roku przez kolejne blisko trzysta lat, w\u0142a\u015bcicielem maj\u0105tku by\u0142a rodzina Paula von Gottberga. W 1908 roku kupi\u0142 je Wilhelm von Zitzewitz i w r\u0119kach jego rodziny Dobieszewo pozostawa\u0142o do ko\u0144ca 1945 roku. Ostatni\u0105 pani\u0105 na w\u0142o\u015bciach by\u0142a Henrietta von Zitzewitz. Dobieszewo wyr\u00f3\u017cnia si\u0119 zwart\u0105 zabudow\u0105 wsi, poniewa\u017c le\u017ca\u0142o na szlaku handlowym (S\u0142upsk \u2013 Gda\u0144sk) a mieszka\u0144cy pe\u0142nili funkcj\u0119 us\u0142ugowo \u2013 rzemie\u015blnicz\u0105. By\u0142y dwie piekarnie, masarnia, mleczarnia, karczma z hotelem, wozownia, stajnia, ku\u017ania, warsztat ko\u0142odziejski, stacja paliw.<\/p>\n\n\n<h2 class=\"wp-block-heading\">Ko\u015bci\u00f3\u0142<\/h2>\n\n\n<p>Do dzi\u015b w Dobieszewie zachowa\u0142 si\u0119 po\u0142o\u017cony w centrum wsi na skarpie wzmocnionej kamiennym murem XVII-wieczny ko\u015bci\u00f3\u0142, kt\u00f3ry znajduje si\u0119 pod opiek\u0105 Wojew\u00f3dzkiego Konserwatora Zabytk\u00f3w w Gda\u0144sku, Delegatura w S\u0142upsku. Dawniej by\u0142 to ko\u015bci\u00f3\u0142 protestancki &#8211; obecnie katolicki pod wezwaniem \u015awi\u0119tego Stanis\u0142awa Biskupa i M\u0119czennika. Pierwsze wzmianki o ko\u015bciele, kt\u00f3ry strawi\u0142 po\u017car w 1715 roku, si\u0119gaj\u0105 roku 1385. Na jego zgliszczach zosta\u0142 zbudowany obecny ko\u015bci\u00f3\u0142 pochodz\u0105cy z 1779 roku, o czym \u015bwiadczy data na chor\u0105giewce dachowej. Nast\u0119pnie w 1815 roku zosta\u0142 on prawdopodobnie wyremontowany lub te\u017c przebudowany. Ko\u015bci\u00f3\u0142 posiada typow\u0105 konstrukcj\u0119 szachulcow\u0105, zwan\u0105 inaczej budownictwem ryglowym lub &#8222;pruskim murem. Od p\u00f3\u0142nocnego-zachodu znajduje si\u0119 kwadratowa wie\u017ca z wej\u015bciem do \u015bwi\u0105tyni, kt\u00f3ra w cz\u0119\u015bci parterowej jest murowana, wy\u017cej ma konstrukcj\u0119 drewnian\u0105 szalowan\u0105 deskami. Tr\u00f3jspadowy dach ko\u015bcio\u0142a oraz wie\u017ca pokryta jest gontem, ci\u0119tym i uk\u0142adanym podw\u00f3jnie. Ko\u015bci\u00f3\u0142 zbudowany zosta\u0142 na planie prostok\u0105ta, jednonawowy z empor\u0105 muzyczn\u0105 od p\u00f3\u0142nocnego &#8211; zachodu. Nawa ko\u015bcielna od po\u0142udniowego &#8211; wschodu zamkni\u0119ta jest tr\u00f3jbokiem. Przy prezbiterium od p\u00f3\u0142nocy i wschodu znajduje si\u0119 wieloboczna zakrystia z wej\u015bciem od wschodu. Cz\u0119\u015b\u0107 prezbiterialna od nawy oddzielona jest kr\u00f3tkimi \u015bciankami. W naro\u017cniku nawy s\u0105 drewniane schody prowadz\u0105ce na empor\u0119. Na szczeg\u00f3ln\u0105 uwag\u0119 z zabytkowego wyposa\u017cenia zas\u0142uguje o\u0142tarz i bogato zdobiona ambona z I po\u0142owy XVIII wieku, prospekt organowy datowany na XIX wiek oraz dzwon z 1851 roku. Na teren ko\u015bcio\u0142a prowadzi od zachodu murowana brama pierwotnie nietynkowana, nakryta dachem pulpitowym pod kt\u00f3rym stoi figura patrona ko\u015bcio\u0142a &#8211; \u015bw. Stanis\u0142awa. Przy wej\u015bciu do ko\u015bcio\u0142a stoi masywny, drewniany, bogato zdobiony krzy\u017c z postaci\u0105 ukrzy\u017cowanego Chrystusa, b\u0119d\u0105cy darem parafian.<\/p>\n\n\n<h2 class=\"wp-block-heading\">Parafia<\/h2>\n\n\n<p>Parafia rzymskokatolicka w Dobieszewie, diecezja Pelpli\u0144ska, dekanat \u0142upawski.<br \/>20 wrze\u015bnia 1966 roku Kardyna\u0142 Wyszy\u0144ski nada\u0142 tytu\u0142 parafii: 1) \u015awi\u0119tego Stanis\u0142awa Biskupa i M\u0119czennika \u2013 odpust 8 maja; 2) Naj\u015bwi\u0119tszej Maryi Panny R\u00f3\u017ca\u0144cowej \u2013 odpust 7 pa\u017adziernika. Pocz\u0105tkowo ko\u015bci\u00f3\u0142 w Dobieszewie by\u0142 ko\u015bcio\u0142em filialnym przy parafii w D\u0119bnicy Kaszubskiej. Obecnie jest samodzieln\u0105 parafi\u0105 do kt\u00f3rej przynale\u017cy ko\u015bci\u00f3\u0142 filialny w Warblewie i 16 okolicznych wsi : Borz\u0119cinko, Borz\u0119cino, Boguszyce, Brzeziniec, Dobieszewko, Dobra, Jamrzyno, Le\u015bnia, \u0141abiszewo, Podole Ma\u0142e, Starnice, Starniczki, Troszki, Warblewo, Warblewko, \u017barkowo. Liczba parafian wynosi obecnie ok. 1300 os\u00f3b.<br \/>W dniu 20 sierpnia 2023 roku dekretem ks. biskupa parafi\u0119 obj\u0105\u0142 ks. S\u0142awomir Ossowicki.<br \/>Na prze\u0142omie lat proboszczami parafii byli:<\/p>\n\n\n<ul class=\"wp-block-list\">\n<li> ks. Patalas Marian<\/li>\n\n\n\n<li> ks. Pawlukowski Ryszard<\/li>\n\n\n\n<li> ks. Bo\u0144cza-Bystrzycki Lew<\/li>\n\n\n\n<li> ks. Strzelecki Jan<\/li>\n\n\n\n<li> ks. Cebula Kazimierz<\/li>\n\n\n\n<li>1983- 1989  ks. Staniszewski Ludwik<\/li>\n\n\n\n<li>1989 &#8211; 1990 ks. Marian G\u00f3rka<\/li>\n\n\n\n<li> 1990 &#8211; 2001 ks. Kazimierz Gajda<\/li>\n\n\n\n<li> 2001- 2018 ks. Jerzy \u015ali\u017c<\/li>\n\n\n\n<li> 2018 \u2013 2023 ks. Micha\u0142 Kempa <\/li>\n<\/ul>\n","protected":false},"excerpt":{"rendered":"<p>Rys historyczny Dobieszewo &#8211; wie\u015b so\u0142ecka po\u0142o\u017cona w wojew\u00f3dztwie pomorskim, powiecie s\u0142upskim w gminie D\u0119bnica Kaszubska, licz\u0105ca obecnie oko\u0142o 150 mieszka\u0144c\u00f3w. Wzmiankowana w \u017ar\u00f3d\u0142ach historycznych ju\u017c w 1294 roku. W tym czasie dobra nale\u017ca\u0142y do dobieszewskiej ga\u0142\u0119zi rodu von Zitzewitz. Od 1635 roku przez kolejne blisko trzysta lat, w\u0142a\u015bcicielem maj\u0105tku by\u0142a rodzina Paula von Gottberga. &hellip; <\/p>\n<p class=\"link-more\"><a href=\"https:\/\/parafiadobieszewo.pl\/index.php\/historia\/\" class=\"more-link\">Czytaj dalej<span class=\"screen-reader-text\"> \u201eHistoria\u201d<\/span><\/a><\/p>\n","protected":false},"author":1,"featured_media":183,"parent":0,"menu_order":0,"comment_status":"closed","ping_status":"closed","template":"","meta":{"footnotes":""},"class_list":["post-37","page","type-page","status-publish","has-post-thumbnail","hentry"],"_links":{"self":[{"href":"https:\/\/parafiadobieszewo.pl\/index.php\/wp-json\/wp\/v2\/pages\/37","targetHints":{"allow":["GET"]}}],"collection":[{"href":"https:\/\/parafiadobieszewo.pl\/index.php\/wp-json\/wp\/v2\/pages"}],"about":[{"href":"https:\/\/parafiadobieszewo.pl\/index.php\/wp-json\/wp\/v2\/types\/page"}],"author":[{"embeddable":true,"href":"https:\/\/parafiadobieszewo.pl\/index.php\/wp-json\/wp\/v2\/users\/1"}],"replies":[{"embeddable":true,"href":"https:\/\/parafiadobieszewo.pl\/index.php\/wp-json\/wp\/v2\/comments?post=37"}],"version-history":[{"count":7,"href":"https:\/\/parafiadobieszewo.pl\/index.php\/wp-json\/wp\/v2\/pages\/37\/revisions"}],"predecessor-version":[{"id":2957,"href":"https:\/\/parafiadobieszewo.pl\/index.php\/wp-json\/wp\/v2\/pages\/37\/revisions\/2957"}],"wp:featuredmedia":[{"embeddable":true,"href":"https:\/\/parafiadobieszewo.pl\/index.php\/wp-json\/wp\/v2\/media\/183"}],"wp:attachment":[{"href":"https:\/\/parafiadobieszewo.pl\/index.php\/wp-json\/wp\/v2\/media?parent=37"}],"curies":[{"name":"wp","href":"https:\/\/api.w.org\/{rel}","templated":true}]}}